{"id":63,"date":"2015-01-09T13:45:09","date_gmt":"2015-01-09T12:45:09","guid":{"rendered":"http:\/\/humm.loverde.fr\/?page_id=63"},"modified":"2024-09-11T08:18:28","modified_gmt":"2024-09-11T07:18:28","slug":"actualites","status":"publish","type":"page","link":"https:\/\/humm.loverde.fr\/?page_id=63","title":{"rendered":"Actualit\u00e9s"},"content":{"rendered":"<p><strong>11 septembre 2024<\/strong><\/p>\n<p>J&rsquo;ai chang\u00e9 SouvenirsInsolites en <strong>Insolites <\/strong>partout o\u00f9 c&rsquo;\u00e9tait possible. Malheureusement le nom de domaine ne peut pas \u00eatre chang\u00e9.<\/p>\n<p>Je viens de constater que WordPress modifie mes liens d&rsquo;insertion de vid\u00e9o avec la balise <em>embed. <\/em>Pour qu&rsquo;il n&rsquo;y ait plus de probl\u00e8me je vais \u00eatre oblig\u00e9 de modifier toutes mes vid\u00e9os ins\u00e9r\u00e9es avec le code HTML iframe. Bien s\u00fbr je vais pas faire \u00e7a tout de suite et pour toutes les vid\u00e9os je le ferai au fur et \u00e0 mesure de mon temps libre en commen\u00e7ant par les publications futures.<\/p>\n<p><strong>9 septembre 2024<\/strong><\/p>\n<p>Je me suis assez amus\u00e9 avec Chatgpt pour raconter des histoires en les modifiant pour que \u00e7a corresponde mieux \u00e0 la r\u00e9alit\u00e9. Je crois que je vais changer de m\u00e9thode, raconter mon histoire puis, peut-\u00eatre, am\u00e9liorer le texte avec Chatgpt. Ou, au moins, v\u00e9rifier l&rsquo;orthographe et la conjugaison.<\/p>\n<p><strong>1er septembre 2024<\/strong><\/p>\n<p>J&rsquo;ai r\u00e9veill\u00e9 \u00ab\u00a0<em>souvenirsinsolites.wordpress.com<\/em>\u00ab\u00a0. C&rsquo;\u00e9tait vraiment dommage de ne pas continuer \u00e0 profiter du travail et du temps d\u00e9j\u00e0 pass\u00e9 \u00e0 mettre sur pied ce site. Que vais-je y publier ? Comme avant, des choses s&rsquo;adressant \u00e0 un public plus restreint dans le cercle familial \u00e9largi. J&rsquo;ai r\u00e9actualis\u00e9 quelques pages non publi\u00e9es ou publi\u00e9es ailleurs.<\/p>\n<p><strong>27 ao\u00fbt 2024<\/strong><\/p>\n<p>Les articles sur le th\u00e8me \u00ab\u00a0d\u00e9couvertes musicales\u00a0\u00bb li\u00e9es aux films et s\u00e9ries vues la plupart du temps programm\u00e9s le dimanche ? Tr\u00e8s probablement.<\/p>\n<p><strong>25 ao\u00fbt 2024<\/strong><\/p>\n<p>Pour la premi\u00e8re fois j&rsquo;ai rendu un article priv\u00e9, c&rsquo;est-\u00e0-dire avec un mot de passe que j&rsquo;ai communiqu\u00e9 aux personnes autoris\u00e9es \u00e0 le lire. Il faut noter que cet article priv\u00e9 n&rsquo;appara\u00eet pas dans la newsletter.<\/p>\n<p><strong>18 ao\u00fbt 2024<\/strong><\/p>\n<p>Quelques articles \u00e9crits par Chatgpt et modifi\u00e9s et simplifi\u00e9s par moi. Cela ne m&#8217;emp\u00eachera pas de l&rsquo; utiliser comme aide \u00e0 la fluidit\u00e9 de l&rsquo;\u00e9criture comme le font certains auteurs sans le dire.<\/p>\n<p><strong>24 juillet 2024<\/strong><\/p>\n<p>Je publierai quelques articles racont\u00e9s par Chatgpt avec, parfois, comme source d&rsquo;inspiration, un article d\u00e9j\u00e0 publi\u00e9.<\/p>\n<p>Les noms de personnes et de lieux seront modifi\u00e9s pour conserver l&rsquo;anonymat des personnes cit\u00e9es qui se reconna\u00eetront.<\/p>\n<p><strong>19 juillet 2024<\/strong><\/p>\n<p>J&rsquo;avais dit 2 articles par semaine mais j&rsquo;ai \u00e9t\u00e9 inspir\u00e9 par de nouveaux sujets&#8230;<\/p>\n<p>Une case d\u00e9coch\u00e9e dans les r\u00e9glages et l&rsquo;envoi de commentaires ne n\u00e9cessite plus d&rsquo;inscription pr\u00e9alable, \u00e7a g\u00eanait les contributeurs. Ce qui est mis en exergue dans la newsletter est maintenant vrai !<\/p>\n<p><strong>01 juillet 2024<\/strong><\/p>\n<p>Pour cette p\u00e9riode de vacances, je pense que 2 articles publi\u00e9s par semaine seront suffisants. Je vais faire un peu moins d&rsquo;\u00e9cran et un peu plus de lecture&#8230; sur ma liseuse. L&rsquo;\u00e9cran de la liseuse appel\u00e9 \u00ab\u00a0<em>papier \u00e9lectronique<\/em>\u00a0\u00bb repose sur un fonctionnement technologique qui permet d\u2019obtenir un affichage proche de celui du papier. Donc ce n&rsquo;est pas tout \u00e0 fait un \u00e9cran &#x1f609;.<\/p>\n<p><strong>26 juin 2024<\/strong><\/p>\n<p>Au final j&rsquo;ai simplifi\u00e9 ce qui devait \u00eatre une page sur <em>newsletter <\/em>et <em>notification d&rsquo;article <\/em>et c&rsquo;est devenu un article \u00e0 publier le 30 juin<\/p>\n<p><strong>25 juin 2024<\/strong><\/p>\n<p>J&rsquo;ai remis en marche Mailpoet \u00e0 la demande d&rsquo;anciens inscrits. Recevoir les articles publi\u00e9s dans la semaine fait revenir les visiteurs.<\/p>\n<p>J&rsquo;ai d\u00e9velopp\u00e9 les notions de newsletter et de \u00ab\u00a0notification d&rsquo;articles\u00a0\u00bb plus pour moi en guise de pense-b\u00eate mais \u00e7a ne fait pas un article, j&rsquo;en ferai une page.<\/p>\n<p><strong>31 mai 2024<\/strong><\/p>\n<p>Petite r\u00e9flexion sur la programmation. J&rsquo;aime bien planifier. Mais cela enl\u00e8ve un peu de spontan\u00e9it\u00e9 me direz-vous. Je r\u00e9pondrais que non, soit je publie en dehors du planning, soit je d\u00e9cale un article planifi\u00e9 quand c&rsquo;est n\u00e9cessaire d&rsquo;\u00eatre en lien avec l&rsquo;actualit\u00e9 du moment.<\/p>\n<p><strong>13 avril 2024<\/strong><\/p>\n<p>Je vous l&rsquo;avais dit, le th\u00e8me pr\u00e9c\u00e9dent \u00e9tait pas mal mais pas pour smartphone, je suis donc revenu \u00e0 un ancien th\u00e8me parfait pour tout type de terminal.<\/p>\n<p><strong>09 avril 2024<\/strong><\/p>\n<p>Je suis plus \u00ab\u00a0photos\u00a0\u00bb que \u00ab\u00a0vid\u00e9o\u00a0\u00bb mais j&rsquo;ai quelques productions, dont quelques unes provenant de films super8 de mon p\u00e8re, num\u00e9ris\u00e9es gr\u00e2ce \u00e0 ma petite s\u0153ur. J&rsquo;ai ajout\u00e9 3 vid\u00e9os en bas de page, parce qu&rsquo;on peut avec ce nouveau th\u00e8me. Th\u00e8me parfait pour tablettes et PC mais pas trop pour smartphone, ce qui fait qu&rsquo;il ne va peut-\u00eatre pas s&rsquo;\u00e9terniser.<\/p>\n<p><strong>07 avril 2024<\/strong><\/p>\n<p>L&rsquo;image d&rsquo;en-t\u00eate me manquait beaucoup donc j&rsquo;ai cherch\u00e9 un th\u00e8me avec. L\u00e0 ce n&rsquo;est pas une image d&rsquo;en-t\u00eate c&rsquo;est juste diaporama avec trois images.<\/p>\n<p>Je suis toujours dans la frustration du manque de newsletter apr\u00e8s un plantage de Mailpoet je n&rsquo;ai pas trouv\u00e9 pour l&rsquo;instant quelque chose de simple pour remplacer. C&rsquo;est un peu pour \u00e7a que je me suis rabattu sur le changement de th\u00e8me.<\/p>\n<p>Pas encore r\u00e9ussi \u00e0 remplacer \u00ab\u00a0Read More\u00a0\u00bb par la traduction, cela ressemble un peu trop \u00e0 mon go\u00fbt \u00e0 \u00ab\u00a0Raide mort\u00a0\u00bb.<\/p>\n<p><strong>30 mars 2024<\/strong><\/p>\n<p>Ma newsletter ne fonctionne plus et je ne sais pas comment la r\u00e9activer. Donc pour lire les nouveaux articles il faut faire l&rsquo;effort d&rsquo;y aller. Je vais sans doute la r\u00e9initialiser.<\/p>\n<p><strong>28 F\u00e9vrier 2024<\/strong><\/p>\n<p>Les comptes abonn\u00e9s sur WordPress permettent aux utilisateurs de s&rsquo;abonner au site afin de recevoir des notifications par e-mail lorsqu&rsquo;un nouveau contenu est publi\u00e9. Cela encourage l&rsquo;engagement et fid\u00e9lise les visiteurs en les tenant inform\u00e9s des mises \u00e0 jour de votre site. Dixit Chatgpt.<\/p>\n<p>Depuis quelques jours j&rsquo;ai donn\u00e9 la possibilit\u00e9 aux visiteurs de mon site de s&rsquo;abonner pour \u00eatre tenu au courant de chaque publication. Il faut croire que \u00e7a int\u00e9resse pas mal de gens m\u00eame si la plupart du temps c&rsquo;est des sites commerciaux qui cherchent de la publicit\u00e9. Je n&rsquo;ai pas not\u00e9 la date mais \u00e7a doit faire moins d&rsquo;une semaine et j&rsquo;ai d\u00e9j\u00e0 47 abonn\u00e9s avec plusieurs abonn\u00e9s par jour.<br \/>\nLa seule chose que je peux v\u00e9rifier c&rsquo;est le domaine de l&rsquo;adresse mail donn\u00e9e et si ce domaine ne correspond \u00e0 rien je supprime l&rsquo;abonn\u00e9.<\/p>\n<p><strong>03 f\u00e9vrier 2024<\/strong><\/p>\n<p>J&rsquo;ai chang\u00e9 de th\u00e8me avec <strong>Occasio<\/strong> de <strong>ThemeZee <\/strong>pour au moins une raison, avoir acc\u00e8s \u00e0 la colonne de droite d\u00e8s la page d&rsquo;accueil*. J&rsquo;avais test\u00e9 et abandonn\u00e9 ce th\u00e8me \u00e0 cause de l&rsquo;impossibilit\u00e9 d&rsquo;inclure une image dans l&rsquo;ent\u00eate. Finalement cela permet une lecture sans distraction, comme j&rsquo;ai lu sur un autre th\u00e8me test\u00e9.<\/p>\n<p>*\u00c7a ne marche pas sur smartphone &#x1f974;<\/p>\n<p>En fait la colonne n&rsquo;est pas \u00e0 droite, il n&rsquo;y a pas de place sur smartphone, mais elle est en bas&#x1f60a; (<strong><em>23 f\u00e9vrier 2024<\/em><\/strong>)<\/p>\n<p><strong>20 octobre 2023<\/strong><\/p>\n<p>Petit probl\u00e8me apr\u00e8s avoir fait une mise \u00e0 jour de la version PHP que je croyais avoir d\u00e9j\u00e0 r\u00e9alis\u00e9. Un petit coup de t\u00e9l\u00e9phone chez Ionos et le probl\u00e8me \u00e0 \u00e9t\u00e9 r\u00e9solu en quelques minutes.<\/p>\n<p>En travaillant sur l&rsquo;ordinateur je me suis aper\u00e7u que le fond \u00e9tait blanc, je l&rsquo;ai un peu fonc\u00e9. Sur l&rsquo;ordi c&rsquo;est mieux, sur le smartphone \u00e7a ne change rien puisque le fond n&rsquo;y est pas.<\/p>\n<p><strong>D\u00e9but septembre 2023<\/strong><\/p>\n<p>J&rsquo;ai eu la \u00ab\u00a0riche\u00a0\u00bb id\u00e9e de changer les liens des articles en choisissant un num\u00e9ro plut\u00f4t que le titre et, catastrophe ! De nombreux liens intra site, d\u00e9finis pr\u00e9c\u00e9demment sont devenus inop\u00e9rant.<\/p>\n<p><strong>20 ao\u00fbt 2023<\/strong><\/p>\n<p>J&rsquo;ai chang\u00e9 de th\u00e8me mais je crois que je ne vais pas tarder \u00e0 revenir \u00e0 l&rsquo;ancien parce qu&rsquo;il y a plusieurs choses qui ne me conviennent pas, je n&rsquo;arrive pas \u00e0 traduire \u00ab\u00a0trending&#8230;\u00a0\u00bb en \u00ab\u00a0Tendances\u00a0\u00bb etc &#8230;<\/p>\n<p><strong>09 ao\u00fbt 2023<\/strong><\/p>\n<p>Grande panique, rien ne marche, le site est en rade, impossible de se connecter en admin. Donc un petit coup de t\u00e9l\u00e9phone chez Ionos et puis au bout de quelques minutes, restauration du site. Inutile de vous dire que je ne regrette pas d&rsquo;\u00eatre client de chez Ionos, ils sont rapides et efficaces. Bon ils m&rsquo;ont fait d\u00e9penser 15 \u20ac de plus par an pour s\u00e9curiser mon nom de domaine&#8230; \u00c7a ne fait qu&rsquo;un peu plus de 1 \u20ac par mois ! \u00c0 partir de l&rsquo;ann\u00e9e prochaine, cette ann\u00e9e c&rsquo;est un euro.<\/p>\n<p><strong>08 mai 2023<\/strong><\/p>\n<p>Tous mes articles sont programm\u00e9s et, quand me vient une id\u00e9e, plut\u00f4t que de tout d\u00e9caler et courir le risque de me planter je pr\u00e9f\u00e8re ins\u00e9rer ses nouvelles id\u00e9es au milieu de la semaine. Donc je r\u00e9capitule, le mardi c&rsquo;est les recettes, le samedi ce qui est insolite et si j&rsquo;ai une nouvelle id\u00e9e le jeudi.<\/p>\n<p>Bien s\u00fbr, pour ne rien manquer c&rsquo;est mieux de s&rsquo;inscrire \u00e0 la newsletter qui para\u00eet le lundi matin \u00e0 9h.<\/p>\n<p><strong>22 avril 2023<\/strong><\/p>\n<p>Comme je suis \u00e0 fond dans les images cr\u00e9\u00e9es par I.A., j&rsquo;ai ajout\u00e9 deux pages : \u00ab\u00a0<a href=\"https:\/\/humm.loverde.fr\/qui-suis-je\/\">qui suis-je<\/a>\u00a0\u00bb et \u00ab\u00a0<a href=\"https:\/\/humm.loverde.fr\/fonds-decran\/\">fonds d&rsquo;\u00e9cran<\/a>\u00a0\u00bb qui en utilisent.<\/p>\n<p><strong>17 avril 2023<\/strong><\/p>\n<p>Souvenirs Insolites est d\u00e9sormais publi\u00e9 ici. Le mardi c&rsquo;est plut\u00f4t les recettes et tout le reste, donc l&rsquo;insolite et les souvenirs, le samedi, jusqu&rsquo;\u00e0 ce que j&rsquo;ai envie de changer.<\/p>\n<p>Les anciens articles de Souvenirs Insolites sont toujours au m\u00eame endroit et class\u00e9s chronologiquement par mois.<\/p>\n<p><strong>31 janvier 2023<\/strong><\/p>\n<p>Vague changement, retour \u00e0 un ancien th\u00e8me qui est pas mal aussi. Je crois l&rsquo;avoir abandonn\u00e9 parce que je n&rsquo;arrivais pas \u00e0 changer \u00ab\u00a0Read more\u00a0\u00bb en \u00ab\u00a0Lire la suite\u00a0\u00bb !<\/p>\n<p><strong>13 mai 2022<\/strong><\/p>\n<p>Il n&rsquo;y a peut-\u00eatre pas beaucoup de visites de l&rsquo;agenda mais j&rsquo;ai ajout\u00e9 les publications de<\/p>\n<p><a href=\"https:\/\/souvenirsinsolites.wordpress.com\/\" target=\"_blank\" rel=\"noopener\">Souvenirs insolites<\/a> pour qu&rsquo;elles soient un peu moins anonymes.<\/p>\n<p><strong>27 mars 2022<\/strong><\/p>\n<p>Le site \u00ab\u00a0<a href=\"https:\/\/souvenirsinsolites.wordpress.com\/\" target=\"_blank\" rel=\"noopener\">Souvenirs Insolites<\/a>\u00a0\u00bb qui devait rester assez confidentiel se trouve dans le menu. A br\u00e8ve \u00e9ch\u00e9ance je l&rsquo;int\u00e8grerais \u00e0 \u00ab\u00a0Humm!\u00a0\u00bb puisqu&rsquo;il n&rsquo;est plus si confidentiel que \u00e7a et qu&rsquo;il ne contient pas que des souvenirs et des sujets pas si insolites&#8230; Mais je m&rsquo;interroge encore.<\/p>\n<p>La page <a href=\"https:\/\/humm.loverde.fr\/harrison-within-and-without-the-beatles\/\" target=\"_blank\" rel=\"noopener\">Georges Harrison<\/a> existe toujours mais a \u00e9t\u00e9 enlev\u00e9e du menu, toutes les vid\u00e9os ou presque ont \u00e9t\u00e9 supprim\u00e9es, son int\u00e9r\u00eat devient secondaire. Pareil pour la page \u00ab\u00a0<a href=\"https:\/\/humm.loverde.fr\/joffa\/\" target=\"_blank\" rel=\"noopener\">Joffa<\/a>\u00a0\u00bb qui a besoin d&rsquo;une r\u00e9-\u00e9criture, avec la bande son qui a disparu et des photos personnelles si j&rsquo;en trouve.<\/p>\n<p><strong>20 mars 2022<\/strong><\/p>\n<p>L&rsquo;image d&rsquo;en-t\u00eate me manquait vraiment. La sobri\u00e9t\u00e9 du th\u00e8me pr\u00e9c\u00e9dent \u00e9tait appr\u00e9ciable mais suis revenu au th\u00e8me TrustNews d\u00e9j\u00e0 utilis\u00e9 pour cette raison. Le rendu est plus int\u00e9ressant sur ordinateur et tablette, avec un grand \u00e9cran donc.<\/p>\n<p><strong>11 janvier 2022<\/strong><\/p>\n<p>Pour l&rsquo;instant, mais vous savez que j&rsquo;aime changer, le mardi une recette et le samedi un autre sujet. Pour des histoires plus personnelles c&rsquo;est l\u00e0 :<\/p>\n<p><a href=\"https:\/\/souvenirsinsolites.wordpress.com\/\" target=\"_blank\" rel=\"noopener\">https:\/\/souvenirsinsolites.wordpress.com\/<\/a><\/p>\n<p><strong>20 d\u00e9cembre 2021<\/strong><\/p>\n<p>Changement de th\u00e8me pour No\u00ebl. J&rsquo;ai enfin trouv\u00e9 un th\u00e8me avec le choix possible du nombre de colonnes. En contrepartie pas d&rsquo;image d&rsquo;en-t\u00eate, finalement cela rend le site plus sobre et ce n&rsquo;est pas plus mal.<\/p>\n<p><strong>18 d\u00e9cembre 2021<\/strong><\/p>\n<p>Les publications en simultan\u00e9 des photos Instagram ne fonctionnent pas je chercherais peut-\u00eatre pourquoi. L&rsquo;inspiration arrive \u00e0 me manquer, aussi je publierait \u00e0 nouveau des articles dans d&rsquo;autres domaine que la bouffe malgr\u00e9 le site <a href=\"https:\/\/souvenirsinsolites.wordpress.com\/\" target=\"_blank\" rel=\"noopener\">souvenirsinsolites.WordPress.com<\/a> que je consacrerait aux souvenirs vraiment insolites. Quelques articles sont d\u00e9j\u00e0 programm\u00e9s, il y aura des doublons.<\/p>\n<p>Installation de FlagCounter qui affiche le nombre cumul\u00e9 de visiteurs du site par pays.<\/p>\n<p><strong>12 octobre 2021<\/strong><\/p>\n<p>Finalement je revient \u00e0 la publication des photos Instagram mais sans programmation. Pourquoi ? Ces photos g\u00e9n\u00e9raient un peu de trafic qui, malheureusement, est en baisse en ce moment.<\/p>\n<p><strong>7 septembre 2021<\/strong><\/p>\n<p>Retour au th\u00e8me claire, plus lisible et plus adapt\u00e9 au contenu. J&rsquo;ai test\u00e9 d&rsquo;autres th\u00e8mes mais finalement celui l\u00e0correspond le mieux \u00e0 la pr\u00e9sentation qui me convient : tous les articles avec image \u00a0\u00bb\u00e0 la une\u00a0\u00bb et un \u00a0\u00bblire la suite\u00a0\u00bb pour l&rsquo;instant \u00a0\u00bbraide mort\u00a0\u00bb (read more) que je n&rsquo;ai pas r\u00e9ussi a modifier et une colonne sur la droite avec quelques widgets utiles.<\/p>\n<p>J&rsquo;ai d\u00e9couvert la possibilit\u00e9, avec IFTT, de publier en simultan\u00e9 les images Instagram sur le site. Je vais supprimer cette possibilit\u00e9 car je pense que je m&rsquo;\u00e9loigne du but initial du site, publier des articles m\u00eame tr\u00e8s court, sur les sujets qui me tiennent \u00e0 c\u0153ur. Pas seulement des recettes&#8230; mais une photo d&rsquo;instagram et rien de plus je suis \u00e0 c\u00f4t\u00e9 de la plaque. Ceci n&rsquo;a rien \u00e0 voir avec la baisse de fr\u00e9quentation \u00e9videmment ! &#x1f607;<\/p>\n<p><b>17 janvier 2021<\/b><\/p>\n<p>D\u00e9couverte de l&rsquo;application IFTTT, je vous dirais peut-\u00eatre un jour \u00e0 quelle occasion, qui m&rsquo;a permis de publier la photo sur Instagram en simultan\u00e9 sur wordpress, c&rsquo;est-\u00e0-dire ici. Petit inconv\u00e9nient, pas de vignette visible dans la page d&rsquo;accueil, seulement sur l&rsquo;article.<\/p>\n<p><strong>29 juin 2020<\/strong><\/p>\n<p>Voil\u00e0 c&rsquo;est v\u00e9rifi\u00e9, j&rsquo;ai configur\u00e9 la newsletter de MailPoet avec les 3 derniers articles croyant y inclure trois articles mais finalement il n&rsquo;y a que les derniers articles de la semaine mais s&rsquo;il y en a un seul de nouveau, un seul fera parti de la newsletter. En contre partie s&rsquo;il y a 3 nouveaux articles, \u00e7a arrive, ils feront parti de la newsletter.<\/p>\n<p>Donc pas de r\u00e9p\u00e9tition, seulement les nouveaut\u00e9s de la semaine.<\/p>\n<p><b>16 avril 2020<\/b><\/p>\n<p>Je voulais changer de th\u00e8me en m&rsquo;apercevant que, sur ordinateur, l&rsquo;image d&rsquo;en-t\u00eate \u00e9tait trop grande. Donc j&rsquo;ai pens\u00e9 Au th\u00e8me utilis\u00e9 sur les deux derniers sites cr\u00e9\u00e9s (Baskerville) : https:\/\/atelierinformatiqueutl.wordpress.com<\/p>\n<p>Sans la colonne des widgets \u00e0 droite qui n&rsquo;appara\u00eet qu&rsquo;en m\u00eame temps qu&rsquo;un article \u00e7a donne un aspect clair et non surcharg\u00e9. Mais sur le wordpress autog\u00e9r\u00e9 par 1and1 je n&rsquo;ai pas r\u00e9ussi \u00e0 changer la police de caract\u00e8res du nom du site malgr\u00e9 une matin\u00e9e enti\u00e8re pass\u00e9e \u00e0 essayer.<\/p>\n<p>Me voici donc \u00e0 la recherche d&rsquo;un autre th\u00e8me, finalement le premier venu a fait l&rsquo;affaire : Anther.<\/p>\n<p><b>13 janvier 2020<\/b><\/p>\n<p>En changeant l&rsquo;apparence (le th\u00e8me graphique) j&rsquo;avais perdu quelques ic\u00f4nes permettant aux visiteurs de partager les articles sur les r\u00e9seaux sociaux. J&rsquo;ai donc ajout\u00e9 une extension capable de faire \u00e7a.<\/p>\n<p>Comme les ic\u00f4nes \u00e9taient un peu bas, j&rsquo;ai ajout\u00e9 la barre lat\u00e9rale gauche camouflable et flottante en diminuant au maximum la taille. Quand je trouve cette cette barre dans des sites et qu&rsquo;elle empi\u00e8te sur le texte, \u00e7a m&rsquo;\u00e9nerve plut\u00f4t.<\/p>\n<p>Je vais faire un sondage, mais si vous lisez ceci donnez-moi votre avis sur ces ic\u00f4nes verticaux de partage, il ne m&rsquo;en faut pas beaucoup pour les supprimer !<\/p>\n<p><strong>23 d\u00e9cembre 2019<\/strong><\/p>\n<p>Depuis un certain temps je trouvais que les images mettaient beaucoup de temps \u00e0 s&rsquo;afficher, beaucoup trop. Donc je me suis dit que c&rsquo;\u00e9tait s\u00fbrement le th\u00e8me wordpress actuel qui en \u00e9tait la cause.<\/p>\n<p>Alors j&rsquo;ai cherch\u00e9 un autre th\u00e8me qui corresponde \u00e0 mes besoins. \u00c0 ce stade j&rsquo;\u00e9tais confort\u00e9 dans ma d\u00e9cision de changement de th\u00e8me, les images s&rsquo;affichant rapidement dans la pr\u00e9sentation en direct. Qu&rsquo;elle ne fut pas ma d\u00e9ception quand, apr\u00e8s installation du nouveau th\u00e8me, je fut confront\u00e9 au m\u00eame probl\u00e8me !<\/p>\n<p>Conclusion, ce n&rsquo;\u00e9tait pas le th\u00e8me le responsable. J&rsquo;ai commenc\u00e9 par supprimer les extensions (plugins) non activ\u00e9es et d\u00e9sactiver les extensions li\u00e9es aux images sans les supprimer, je les supprimerais plus tard si aucune perturbation n&rsquo;est g\u00e9n\u00e9r\u00e9e par la d\u00e9sactivation. Et voici un site rapide \u00e0 l&rsquo;affichage et propre.<\/p>\n<p><strong>26 novembre 2019<\/strong><\/p>\n<p>Changement de look mineur puisque j&rsquo;ai gard\u00e9 le m\u00eame th\u00e8me et changer juste la couleur. Je crois que je vais le garder encore longtemps parce qu&rsquo;\u00e0 chaque changement de th\u00e8me, les widgets ne sont plus au bon endroit et qu&rsquo;il faut un moment pour tout r\u00e9tablir.<\/p>\n<p><strong>12 novembre 2019<\/strong><\/p>\n<p>Newsletter avec MailPoet. Apr\u00e8s de multiples essais j&rsquo;ai fini par obtenir ce que je voulais. Envoi hebdomadaire le lundi matin \u00e0 8h des deux derniers articles publi\u00e9s, deux parce qu&rsquo;il m&rsquo;arrive d&rsquo;en publier 2 par semaine et si je n&rsquo;en publie qu&rsquo;un le pr\u00e9c\u00e9dent sera aussi visible. Le choix du nombre d&rsquo;articles contenu dans la newsletter n&rsquo;est pas tr\u00e8s \u00e9vident \u00e0 trouver et j&rsquo;ai gal\u00e9r\u00e9 pas mal pour le changer en passant par les param\u00e8tres du premier article!<\/p>\n<p>J&rsquo;ai un peu trich\u00e9 et inscrit trois connaissances, en les pr\u00e9venant quand m\u00eame!<\/p>\n<p><strong>10 novembre 2019<\/strong><\/p>\n<p>Enfin ! J&rsquo;ai r\u00e9ussi \u00e0 trouver le bon plugin pour l&rsquo;envoi d&rsquo;une newsletter. Apr\u00e8s avoir tent\u00e9 Mailchimp et Sendinblue conseill\u00e9 par un sp\u00e9cialiste et pointilleux animateur car attach\u00e9 au RGPD et \u00e0 la vie priv\u00e9e, j&rsquo;ai fini par adopter MailPoet que j&rsquo;avais install\u00e9 depuis longtemps sans l&rsquo;activer.<\/p>\n<p>Pourquoi? L&rsquo;\u00e9diteur de Mailchimp est inutilisable sur iPad surtout pour ins\u00e9rer des images, Sendinblue est dissoci\u00e9 de wordpress et peu pratique.<\/p>\n<p><strong>14 ao\u00fbt 2019<\/strong><\/p>\n<p>Ajout de la page \u00a0\u00bb Agenda \u00a0\u00bb des futures et r\u00e9centes publications. Pour l&rsquo;instant je ne sais pas du tout l&rsquo;impact que cela pourra avoir sur les premi\u00e8res visites et les retours \u00e9ventuels.<\/p>\n<p><strong>08 ao\u00fbt 2019<\/strong><\/p>\n<p>Apr\u00e8s avoir mis des vignettes pour un bon nombre d&rsquo;articles d\u00e9j\u00e0 publi\u00e9s et pour tous les nouveaux, je viens de peaufiner 2 articles sur les Beatles \u00e0 para\u00eetre le 16 ao\u00fbt et le 23!<\/p>\n<p><strong>27 juillet 2019<\/strong><\/p>\n<p>Finalement ce th\u00e8me me convient. Peu \u00e0 peu j&rsquo;ajoute la photo \u00e0 mettre en avant comme vignette de chaque article. J&rsquo;ai test\u00e9 sans la colonne de droite mais elle manque. Peut-\u00eatre ce sera le choix du prochain th\u00e8me.<\/p>\n<p><strong>24 juillet 2019<\/strong><\/p>\n<p>Petits changements de look. Et comme d&rsquo;habitude je vais mettre du temps \u00e0 trouver le th\u00e8me qui me plait et me convienne. Donc attendez-vous \u00e0 quelques modifications. Le plus difficile c&rsquo;est de trouver la bonne colonne lat\u00e9rale et sinon de la recomposer et \u00e7a peut prendre du temps.<\/p>\n<p><b>22 juin 2018<\/b><\/p>\n<p>La bobinette est en train de d\u00e9passer le marabout !<\/p>\n<p><strong>31 mai 2018<\/strong><\/p>\n<p>Suppression de Mastermind qui ne fonctionnait pas. Le dimanche, je me r\u00e9p\u00e8te peut-\u00eatre, publication d&rsquo;un conte ou d&rsquo;un article qui n&rsquo;est pas une recette.<\/p>\n<p><b>23 mars 2018<\/b><\/p>\n<p>Red\u00e9couverte de Evernote pour les besoin d&rsquo;un atelier sur Le Cloud au cas o\u00f9 Google Keep ne pourrais pas \u00eatre utilis\u00e9 et l\u00e0 miracle! Les notes oubli\u00e9es depuis longtemps sont toujours pr\u00e9sentes. Donc j&rsquo;ai pu r\u00e9cup\u00e9rer d&rsquo;anciennes recettes perdu avec Humm! V1.<\/p>\n<p>Donc je les re-publierai avec une nouvelle \u00e9tiquette \u00ab\u00a0Humm! V1\u00a0\u00bb<\/p>\n<p><strong>3 mars 2018<\/strong><\/p>\n<p>Un changement n&rsquo;arrivant jamais seul, me voici avec un nouveau th\u00e8me. Le pr\u00e9c\u00e9dent m&rsquo;a propos\u00e9 une mise \u00e0 jour avec plein de nouveaut\u00e9s all\u00e9chantes, alors je n&rsquo;ai pas h\u00e9sit\u00e9. M\u00eame lorsqu&rsquo;on m&rsquo;a averti que j&rsquo;allais perdre ma pr\u00e9sentation actuelle, je n&rsquo;ai pas tiqu\u00e9. R\u00e9sultat, un tas de pub, fioritures inutiles&#8230; et impossible de revenir en arri\u00e8re!<\/p>\n<p>Donc voici un th\u00e8me \u00e9pur\u00e9 comme j&rsquo;aime, mais avec la colonne de droite qui me manquait dans l&rsquo;ant\u00e9p\u00e9nulti\u00e8me th\u00e8me install\u00e9. Je n&rsquo;ai pas r\u00e9ussi \u00e0 afficher plus de 6 articles derni\u00e8rement parus, c&rsquo;est pourquoi j&rsquo;ai enlev\u00e9 les \u00e9tiquettes (tags) qui rallongeait trop la colonne de droite.<\/p>\n<p>En ajoutant le module \u00ab\u00a0Mes Tweets\u00a0\u00bb je me suis rendu compte que quelqu&rsquo;un avait publi\u00e9 des articles sur mon site, sans mon consentement, cela a \u00e9t\u00e9 fait un jour et c&rsquo;\u00e9tait l\u00e0 depuis assez longtemps. Je m&rsquo;en suis aper\u00e7u parce que ces articles \u00e9taient publi\u00e9s sur mon twitter. J&rsquo;ai tout effacer \u00e0 la main et chang\u00e9 les mots de passe.<\/p>\n<p><strong>24 f\u00e9vrier 2018<\/strong><\/p>\n<p>Le th\u00e8me pr\u00e9c\u00e9dent me plaisait bien, quoique \u00e7a manquait un peu d&rsquo;information, mais il semble que depuis, le nombre de visiteurs a diminu\u00e9. C&rsquo;est peut-\u00eatre sans rapport&#8230; Un peu de renouveau permet d&rsquo;all\u00e9ger un peu le site parce qu&rsquo;\u00e0 chaque fois j&rsquo;oublie des trucs!<\/p>\n<p><strong>8 f\u00e9vrier 2018<\/strong><\/p>\n<p>Nouvelle page \u00ab\u00a0about me\u00a0\u00bb plus simple que la pr\u00e9c\u00e9dente :<\/p>\n<p><a href=\"https:\/\/www.medotcom.com\/christian.loverde\/\" target=\"_blank\" rel=\"noopener noreferrer\">https:\/\/www.medotcom.com\/christian.loverde\/<\/a><\/p>\n<p><strong>24 janvier 2018<\/strong><\/p>\n<p>Petit remaniement dans les cat\u00e9gories. Gourmandises devient <a href=\"https:\/\/humm.loverde.fr\/category\/recette\/\">Recettes<\/a> avec des sous-cat\u00e9gories Sal\u00e9, Sucr\u00e9, viande blanche, viande rouge, poisson.<\/p>\n<p>Ajout d&rsquo;un menu d\u00e9roulant des cat\u00e9gories pour une recherche par theme sur une suggestion d&rsquo;un visiteur qui va devenir assidu ou pas&#8230;<\/p>\n<p>Le changement de nom de l&rsquo;ancienne cat\u00e9gorie \u00ab\u00a0Gourmandises\u00a0\u00bb en \u00ab\u00a0Recettes\u00a0\u00bb se r\u00e9percute sur tous les post mais les sous cat\u00e9gories ne seront ajout\u00e9es pour l&rsquo;instant que sur les nouveaux posts et au fure et \u00e0 mesure sur les autres.<\/p>\n<p><strong>14 janvier 2018<\/strong><\/p>\n<p>L&rsquo;installation de l&rsquo;extension Jetpack apporte des nouveaut\u00e9s en plus des vignettes photos pour chaque article r\u00e9sum\u00e9. J&rsquo;ai la possibilit\u00e9 de publier un article en envoyant une note Google Keep par mail. L&rsquo;ajout de balises pour la cat\u00e9gorie, les mots cl\u00e9s et la publication diff\u00e9r\u00e9e fonctionnent tr\u00e8s bien. D&rsquo;autres balises moins.<\/p>\n<p>Le seul probl\u00e8me est que les photos sont rel\u00e9gu\u00e9es en fin d&rsquo;article, quand il n&rsquo;y en a qu&rsquo;une ce n&rsquo;est pas trop g\u00eanant.<\/p>\n<p>Je n&rsquo;ai plus \u00e0 r\u00e9\u00e9crire l&rsquo;article, la note Google Keep suffit. \u00c7a c&rsquo;est un gros plus!<\/p>\n<p><strong>04 janvier 2018<\/strong><\/p>\n<p>Il est possible qu&rsquo;un mot de passe soit demand\u00e9 sur certains articles. Il est dans le titre et commence par \u00ab\u00a0Une histoire \u00a0\u00bb et fini par \u00ab\u00a0fiction\u00a0\u00bb. Ai-je \u00e9t\u00e9 assez clair? Je l&rsquo;esp\u00e8re car sinon vous ratez l&rsquo;occasion de passer un bon moment de Lecture. Vous pouvez toujours demander, je donnerais la r\u00e9ponse si je vous conna\u00eet!<\/p>\n<p>Decision importante de 2018: chaque dimanche je publierais un conte qui a retenu mon attention.<\/p>\n<p><strong>03 janvier 2018<\/strong><\/p>\n<p>Faire des essais peut \u00eatre payant! Installation d&rsquo;un module associ\u00e9 \u00ab\u00a0Jetpack\u00a0\u00bb au th\u00e8me actuel et, miracle!, les photos des articles apparaissent en vignette sur la page principale. Et l&rsquo;envoi d&rsquo;article par mail est rendu possible \u00e0 partir de Google Keep. Que demander de plus.<\/p>\n<p><strong>26 d\u00e9cembre 2017<\/strong><\/p>\n<p>Les commentaires sont \u00e0 nouveau ouverts. J&rsquo;avais impos\u00e9 comme condition l&rsquo;inscription au site. Mais comme personne ne s&rsquo;inscrivait pour en d\u00e9poser je les ai \u00e0 nouveau ouvert.<\/p>\n<p>Ils sont soumis \u00e0 mod\u00e9ration quand m\u00eame! Pourquoi j&rsquo;avais d\u00e9cid\u00e9 de ces restrictions ? \u00c0 cause de nombreux spam que cela g\u00e9n\u00e9rait. Mais comme j&rsquo;ai install\u00e9 un antispam ce n&rsquo;est que ma bo\u00eete mail qui est encombr\u00e9e. Il ne me reste plus qu&rsquo;\u00e0 les effacer.<\/p>\n<p><strong>17 d\u00e9cembre 2017<\/strong><\/p>\n<p>Bientot 2 semaines avec un nouveau th\u00e8me WordPress. J&rsquo;ai essay\u00e9 de faire un sondage pour avoir l&rsquo;avis de mes amis mais je n&rsquo;ai eu qu&rsquo;une seule r\u00e9ponse. Ce th\u00e8me tr\u00e8s \u00e9pur\u00e9 me plait bien et change un peu de ces th\u00e8mes surcharg\u00e9s qu&rsquo;on rencontre trop souvent. J&rsquo;aime bien cette pr\u00e9sentation des r\u00e9sum\u00e9s des articles, j&rsquo;aurais bien aim\u00e9 une image miniature avec mais je n&rsquo;ai pas r\u00e9ussi. Finalement c&rsquo;est peut-\u00eatre mieux comme \u00e7a. Je ne sais pas si cela a augment\u00e9 la fr\u00e9quentation, je ne crois pas, le principal \u00e9tant la nouveaut\u00e9 et la p\u00e9riodicit\u00e9. Le planning est toujours le m\u00eame, un article par semaine mais il m&rsquo;arrive de plus en plus d&rsquo;y ins\u00e9rer des articles vite r\u00e9dig\u00e9s avec l&rsquo;application MOLDIV qui r\u00e9sume la recette en une planche de quelques photos.<\/p>\n<p><strong>11 mars 2017<\/strong><br \/>\nDepuis le changement de look j&rsquo;avais perdu le bouton Facebook Like et Share (Aimer et partager). J&rsquo;ai rem\u00e9di\u00e9 non sans mal \u00e0 ce manque!<\/p>\n<p><strong>1er Mars 2017<\/strong><br \/>\nDans ma recherche d&rsquo;un rempla\u00e7ant \u00e0 Evernote qui n&rsquo;autorise que 2 installations dans sa version gratuite avec une version payante \u00ab\u00a0assez\u00a0\u00bb hors de prix.<br \/>\nJ&rsquo;ai essay\u00e9 et laiss\u00e9 tomb\u00e9 OneNote de \u00b5soft, tr\u00e8s bien mais trop lourd et pas pratique du tout.<br \/>\nJe me suis donc tourn\u00e9 vers Google Keep dont les applications Android et iOS sont excellentes, je dirais meilleurs que la version Windoze.<br \/>\nDeux d\u00e9fauts: les images sont regroup\u00e9es en haut de la note et pas de mise en page possible.<br \/>\nLes images sont plac\u00e9es dans l&rsquo;ordre inverse de l&rsquo;insertion, donc il faut commencer par la derni\u00e8re.<br \/>\nIl n&rsquo;y a pas d&rsquo;outils de migration Evernote &#8211; Google Keep mais le copier-coller directement depuis Evernote fonctionne tr\u00e8s bien pour le texte, les images doivent \u00eatre enregistr\u00e9es auparavant.<\/p>\n<p><b>12 janvier 2017<\/b><br \/>\nJ&rsquo;ai trouv\u00e9 une petite application \u00ab\u00a0<i>press it!\u00a0\u00bb <\/i>lanc\u00e9e depuis ma page admin et qui me permet, apres l&rsquo;avoir mise dans mes favoris du navigateur, de transformer un copi\u00e9 d&rsquo;une page ou partie de page web en article.<br \/>\nDit comme \u00e7a, cela semble extraordinaire mais Le collage ne colle pas les images.<br \/>\nComme je ne compte faire cette op\u00e9ration que depuis mes article Evernote, j&rsquo;ai d\u00e9j\u00e0 les photos de ces articles.<\/p>\n<p><strong>4 janvier 2017<\/strong><br \/>\nLes articles para\u00eetront le vendredi et sous forme d&rsquo;une page magazine.<\/p>\n<p><b>10 mai 2016<\/b><br \/>\nLes recettes du samedi seront des r\u00e9\u00e9ditions \u00e9ventuellement modifi\u00e9es avec de nouvelles photos.<\/p>\n<p><strong>15 mars 2016<\/strong><br \/>\nPetit probl\u00e8me que je viens de rencontrer: comme il n&rsquo;y a pas de saut de ligne en fin de paragraphe, je passe en mode \u00ab\u00a0texte\u00a0\u00bb et j&rsquo;ajoute la balise html \u00ab\u00a0&amp; nbsp; (pas d&rsquo;espace apr\u00e8s le &amp;)\u00a0\u00bb c&rsquo;est simple et \u00e7a marche.<br \/>\nMais les balises div ne servant plus \u00e0 grand chose, parfois je les supprime. Ce matin je me suis rendu compte que ma colonne de droite avait disparue.<br \/>\nElle \u00e9tait l\u00e0 dans l&rsquo;article pr\u00e9c\u00e9dent.<br \/>\nConclusion, quelque chose dans mon article a introduit ce d\u00e9faut. En inspectant le code de la page, je me suis vite rendu compte que certaines balises div \u00e9taient ouvertes mais pas ferm\u00e9es.<br \/>\nApr\u00e8s rectification tout est rentr\u00e9 dans l&rsquo;ordre.<\/p>\n<p><strong>10 mars 2015<\/strong><br \/>\nLe bouton \u00ab\u00a0Pinit\u00a0\u00bb sur iPad, une Tap sur l&rsquo;image puis une Tap sur le bouton qui appara\u00eet.<br \/>\nBon il faut avoir un compte Pinterest, bien s\u00fbr!<\/p>\n<p><strong>28 f\u00e9vrier 2015<\/strong><br \/>\nPour les utilisateurs de Pinterest, le bouton \u00ab\u00a0Pin it\u00a0\u00bb sur chaque image permet de publier sur son Pinterest. Le bouton apparait au survol de l&rsquo;image par la souris et sur iPad il est l\u00e0 aussi.<\/p>\n<p><strong>26 f\u00e9vrier 2015<\/strong><br \/>\nJe viens de m&rsquo;apercevoir qu&rsquo;une application d\u00e9j\u00e0 install\u00e9e, rubrique \u00ab\u00a0On partage ou on suit?\u00a0\u00bb permet l&rsquo;inscription \u00e0 une newsletter par mail par l&rsquo;icone <a title=\"Inscription \u00e0 la newsletter\" href=\"http:\/\/www.specificfeeds.com\/humm2\" target=\"_blank\" rel=\"noopener noreferrer\">enveloppe<\/a>:<\/p>\n<p><a href=\"https:\/\/i0.wp.com\/humm.loverde.fr\/wp-content\/uploads\/2015\/01\/newsletter-illustration.jpg?ssl=1\"><img data-recalc-dims=\"1\" loading=\"lazy\" decoding=\"async\" data-attachment-id=\"406\" data-permalink=\"https:\/\/humm.loverde.fr\/?attachment_id=406\" data-orig-file=\"https:\/\/i0.wp.com\/humm.loverde.fr\/wp-content\/uploads\/2015\/01\/newsletter-illustration.jpg?fit=277%2C82&amp;ssl=1\" data-orig-size=\"277,82\" data-comments-opened=\"1\" data-image-meta=\"{&quot;aperture&quot;:&quot;0&quot;,&quot;credit&quot;:&quot;&quot;,&quot;camera&quot;:&quot;&quot;,&quot;caption&quot;:&quot;&quot;,&quot;created_timestamp&quot;:&quot;0&quot;,&quot;copyright&quot;:&quot;&quot;,&quot;focal_length&quot;:&quot;0&quot;,&quot;iso&quot;:&quot;0&quot;,&quot;shutter_speed&quot;:&quot;0&quot;,&quot;title&quot;:&quot;&quot;,&quot;orientation&quot;:&quot;0&quot;}\" data-image-title=\"newsletter illustration\" data-image-description=\"\" data-image-caption=\"\" data-large-file=\"https:\/\/i0.wp.com\/humm.loverde.fr\/wp-content\/uploads\/2015\/01\/newsletter-illustration.jpg?fit=277%2C82&amp;ssl=1\" class=\"aligncenter size-full wp-image-406\" src=\"https:\/\/i0.wp.com\/humm.loverde.fr\/wp-content\/uploads\/2015\/01\/newsletter-illustration.jpg?resize=277%2C82&#038;ssl=1\" alt=\"newsletter illustration\" width=\"277\" height=\"82\"><\/a><\/p>\n<p><strong>24 f\u00e9vrier 2015<\/strong><br \/>\nComme vous l&rsquo;avez peut-\u00eatre remarqu\u00e9, j&rsquo;ai des probl\u00e8mes de retours \u00e0 la ligne qui ne se font pas. Alors j&rsquo;ai mis les mains dans le code html pour y pallier. Une erreur s&rsquo;est insinueusement gliss\u00e9e et ma colonne de droite a disparue! Ce n&rsquo;est pas qu&rsquo;elle ne soit plus \u00e0 droite qui m&rsquo;a g\u00ean\u00e9, c&rsquo;est qu&rsquo;elle ait disparue \ud83d\ude42<br \/>\nIl a fallu supprimer le texte et le recoller apr\u00e8s un passage par mon traitement de texte pr\u00e9f\u00e9r\u00e9: Atlantis, qui a effectue\u00e9 un bon nettoyage!<br \/>\nFinalement le retour \u00e0 la ligne se fait avec 2 sauts et le caract\u00e8re \u00ab\u00a0espace\u00a0\u00bb code \u00ab\u00a0&amp;nbspp\u00a0\u00bb (il n&rsquo;y a qu&rsquo;un p vous l&rsquo;aurez compris) au milieu.<\/p>\n<p><strong>13 f\u00e9vrier 2015<\/strong><br \/>\nPour l&rsquo;instant la newsletter ne fonctionne pas, il faut un minimum de configuration.<\/p>\n<p><strong>8 f\u00e9vrier 2015<\/strong><br \/>\nJe viens d&rsquo;ajouter une Newsletter. Th\u00e9oriquement l&rsquo;inscription permet de recevoir un mail \u00e0 chaque nouveaut\u00e9.<\/p>\n<p><strong>3 f\u00e9vrier 2015<\/strong><br \/>\nJe n&rsquo;arrive pas \u00e0 me r\u00e9soudre \u00e0 faire un simple copier coller, je modifie, j&rsquo;actualise&#8230;<br \/>\nPas seulement les photos. J&rsquo;ajoute, je supprime, je modifie. L&rsquo;habitude du traitement de texte. Rien n&rsquo;est jamais parfait et on peut toujours changer.<br \/>\nJusque l\u00e0 je ne suis jamais revenu sur un article d\u00e9j\u00e0 publi\u00e9, ce serait comme r\u00e9\u00e9crire l&rsquo;histoire. Mais avec la republication tout devient possible!<\/p>\n<p><strong>1er f\u00e9vrier 2015<\/strong><br \/>\nLes photos des articles republi\u00e9s sont actualis\u00e9es.<\/p>\n<p><strong>26 janvier 2015<\/strong><br \/>\nAujourd&rsquo;hui j&rsquo;ai d\u00e9cid\u00e9 de publier une recette de Humm! V1.0 \u00e0 chaque fois que je la refaisais. C&rsquo;est facile puisque je n&rsquo;ai qu&rsquo;\u00e0 faire un copi\u00e9 coll\u00e9. Parution le samedi suivant.<\/p>\n<p><b>11 janvier 2015<\/b><br \/>\nJe viens de d\u00e9couvrir qu&rsquo;en cliquant sur les photos elle apparaissent dans leur vrai taille.<br \/>\nC&rsquo;est quand m\u00eame un peu frustrant de les avoir si petites dans l&rsquo;article, mais pour l&rsquo;instant je n&rsquo;ai pas trouv\u00e9 le moyen de faire autrement.<\/p>\n<p><b>09 janvier 2015<\/b><br \/>\nVoici donc Humm! Version 2.0<br \/>\nLa <a href=\"http:\/\/www.loverde.fr\/humm\" target=\"_blank\" rel=\"noopener noreferrer\">version 1.0<\/a> a atteint 391 articles et elle \u00e9tait tr\u00e8s bien. Depuis aout 2009 je m&rsquo;\u00e9tait bien habitu\u00e9. Mais la mise \u00e0 jour de wordpress n&rsquo;\u00e9tant pas tout \u00e0 fait simple, j&rsquo;ai longtemps h\u00e9sit\u00e9 \u00e0 la faire..<br \/>\nEt je ne comptais la faire que lorsque j&rsquo;aurai \u00e9t\u00e9 oblig\u00e9, m\u00eame si le choix des th\u00e8mes et des plugins \u00e9tait de plus en restreint.<br \/>\nLe passage \u00e0 une version plus r\u00e9cente de PHP par mon h\u00e9bergeur m&rsquo;y a contraint. Depuis des probl\u00e8mes insurmontables m\u00eame apres les mises \u00e0 jour m&rsquo;ont oblig\u00e9 \u00e0 trouver une autre solution et le plus simple n&rsquo;est il pas un red\u00e9marrage \u00e0 z\u00e9ro? C&rsquo;est ce que j&rsquo;ai trouv\u00e9 de mieux.<\/p>\n<p><a href=\"\/\/www.pinterest.com\/pin\/create\/button\/\" data-pin-do=\"buttonBookmark\" data-pin-color=\"red\" data-pin-height=\"128\"><img data-recalc-dims=\"1\" decoding=\"async\" src=\"https:\/\/i0.wp.com\/assets.pinterest.com\/images\/pidgets\/pinit_fg_en_rect_red_28.png?w=1200\" \/><\/a><\/p>","protected":false},"excerpt":{"rendered":"<p>11 septembre 2024 J&rsquo;ai chang\u00e9 SouvenirsInsolites en Insolites partout o\u00f9 c&rsquo;\u00e9tait possible. Malheureusement le nom de domaine ne peut pas &hellip; <\/p>\n","protected":false},"author":1,"featured_media":0,"parent":0,"menu_order":0,"comment_status":"open","ping_status":"open","template":"","meta":{"jetpack_post_was_ever_published":false,"footnotes":""},"class_list":["post-63","page","type-page","status-publish","hentry"],"jetpack_sharing_enabled":true,"jetpack_shortlink":"https:\/\/wp.me\/P9whbF-11","jetpack_likes_enabled":true,"jetpack-related-posts":[{"id":8170,"url":"https:\/\/humm.loverde.fr\/?page_id=8170","url_meta":{"origin":63,"position":0},"title":"Qui suis-je ?","author":"cloverde","date":"27 mars 2023","format":false,"excerpt":"Prof de physique dans une autre vie. L'informatique, les r\u00e9seaux sociaux, la cuisine, la photo et les Beatles m'occupent un peu. Webmaster amateur. Image cr\u00e9\u00e9e par une I.A. avec les mots cl\u00e9s ci-dessus. Cette image n'a rien \u00e0 voir avec moi, peut-\u00eatre de tr\u00e8s loin (*).... \u00e7a pourrait si vous\u2026","rel":"","context":"Dans &quot;Actualit\u00e9&quot;","block_context":{"text":"Actualit\u00e9","link":"https:\/\/humm.loverde.fr\/?cat=661"},"img":{"alt_text":"","src":"https:\/\/i0.wp.com\/humm.loverde.fr\/wp-content\/uploads\/2024\/07\/screenshot_2024-07-06-07-06-33-158-edit_com6203951681958521825.jpg?resize=350%2C200&ssl=1","width":350,"height":200,"srcset":"https:\/\/i0.wp.com\/humm.loverde.fr\/wp-content\/uploads\/2024\/07\/screenshot_2024-07-06-07-06-33-158-edit_com6203951681958521825.jpg?resize=350%2C200&ssl=1 1x, https:\/\/i0.wp.com\/humm.loverde.fr\/wp-content\/uploads\/2024\/07\/screenshot_2024-07-06-07-06-33-158-edit_com6203951681958521825.jpg?resize=525%2C300&ssl=1 1.5x, https:\/\/i0.wp.com\/humm.loverde.fr\/wp-content\/uploads\/2024\/07\/screenshot_2024-07-06-07-06-33-158-edit_com6203951681958521825.jpg?resize=700%2C400&ssl=1 2x"},"classes":[]},{"id":6176,"url":"https:\/\/humm.loverde.fr\/?page_id=6176","url_meta":{"origin":63,"position":1},"title":"Confidentialit\u00e9","author":"cloverde","date":"20 avril 2021","format":false,"excerpt":"\u00a0 Qui sommes-nous\u00a0? L\u2019adresse du site est : https:\/\/humm.loverde.fr. Commentaires Quand vous laissez un commentaire sur le site, les donn\u00e9es inscrites dans le formulaire de commentaire, mais aussi votre adresse IP et l\u2019agent utilisateur de votre navigateur sont collect\u00e9s pour nous aider \u00e0 la d\u00e9tection des commentaires ind\u00e9sirables. Une cha\u00eene\u2026","rel":"","context":"Dans &quot;recette&quot;","block_context":{"text":"recette","link":"https:\/\/humm.loverde.fr\/?cat=1052"},"img":{"alt_text":"","src":"","width":0,"height":0},"classes":[]},{"id":4181,"url":"https:\/\/humm.loverde.fr\/?page_id=4181","url_meta":{"origin":63,"position":2},"title":"Agenda","author":"cloverde","date":"14 ao\u00fbt 2019","format":false,"excerpt":"Voici l'agenda des futures publications, et des anciennes pour avoir une vision temporelle de tous les articles. Si vous ne voyez pas tout appuyez le plus petit bout de l'un de vos gros doigts sur l'\u00e9v\u00e9nement \ud83d\ude1c. Bon apr\u00e8s il y a une petite (toute petite!) croix et vous savez\u2026","rel":"","context":"Dans &quot;Instagram&quot;","block_context":{"text":"Instagram","link":"https:\/\/humm.loverde.fr\/?cat=1224"},"img":{"alt_text":"","src":"","width":0,"height":0},"classes":[]}],"_links":{"self":[{"href":"https:\/\/humm.loverde.fr\/index.php?rest_route=\/wp\/v2\/pages\/63","targetHints":{"allow":["GET"]}}],"collection":[{"href":"https:\/\/humm.loverde.fr\/index.php?rest_route=\/wp\/v2\/pages"}],"about":[{"href":"https:\/\/humm.loverde.fr\/index.php?rest_route=\/wp\/v2\/types\/page"}],"author":[{"embeddable":true,"href":"https:\/\/humm.loverde.fr\/index.php?rest_route=\/wp\/v2\/users\/1"}],"replies":[{"embeddable":true,"href":"https:\/\/humm.loverde.fr\/index.php?rest_route=%2Fwp%2Fv2%2Fcomments&post=63"}],"version-history":[{"count":140,"href":"https:\/\/humm.loverde.fr\/index.php?rest_route=\/wp\/v2\/pages\/63\/revisions"}],"predecessor-version":[{"id":11398,"href":"https:\/\/humm.loverde.fr\/index.php?rest_route=\/wp\/v2\/pages\/63\/revisions\/11398"}],"wp:attachment":[{"href":"https:\/\/humm.loverde.fr\/index.php?rest_route=%2Fwp%2Fv2%2Fmedia&parent=63"}],"curies":[{"name":"wp","href":"https:\/\/api.w.org\/{rel}","templated":true}]}}